{"id":45,"date":"2016-01-06T20:56:55","date_gmt":"2016-01-06T20:56:55","guid":{"rendered":"http:\/\/www.pyylampi.org\/portaali\/?page_id=45"},"modified":"2025-08-09T08:25:10","modified_gmt":"2025-08-09T05:25:10","slug":"lehtileikkeet","status":"publish","type":"page","link":"https:\/\/www.pyylampi.org\/portaali\/lehtileikkeet\/","title":{"rendered":"Lehtileikkeet, juhlapuheet"},"content":{"rendered":"<p><a href=\"https:\/\/www.pyylampi.org\/portaali\/lehtileikkeet\/attachment\/elise-pekkalan-juhlapuhe-14-6-2025-sukujuhlassa\/\" rel=\"attachment wp-att-366\">Elise Pekkalan juhlapuhe 14.6.2025 sukujuhlassa<\/a><\/p>\n<p><a href=\"https:\/\/www.pyylampi.org\/portaali\/1749581686080\/\"><img loading=\"lazy\" decoding=\"async\" class=\"alignnone wp-image-358\" src=\"https:\/\/www.pyylampi.org\/portaali\/wp-content\/uploads\/1749581686080-210x300.jpg\" alt=\"\" width=\"419\" height=\"598\" srcset=\"https:\/\/www.pyylampi.org\/portaali\/wp-content\/uploads\/1749581686080-210x300.jpg 210w, https:\/\/www.pyylampi.org\/portaali\/wp-content\/uploads\/1749581686080-717x1024.jpg 717w, https:\/\/www.pyylampi.org\/portaali\/wp-content\/uploads\/1749581686080.jpg 916w\" sizes=\"auto, (max-width: 419px) 100vw, 419px\" \/><\/a><\/p>\n<p><a href=\"https:\/\/www.pyylampi.org\/portaali\/julkaisut\/attachment\/kari-leppasen-juhlapuhe-1\/\" rel=\"attachment wp-att-351\">Kari Leppa\u0308sen juhlapuhe sukukokouksessa 2019<\/a><\/p>\n<div id=\"layer1\"><span style=\"font-family: Verdana; font-size: small;\"><strong>Lehtileikkeit\u00e4 Pyylammin sukuseuran vaiheista<\/strong>.<\/span><\/div>\n<div><\/div>\n<div>\n<p><span style=\"font-family: Verdana; font-size: small;\"><a href=\"http:\/\/www.pyylampi.org\/Viiskunta17022005.pdf\" target=\"_blank\" rel=\"noopener\">Sukupuujuttu Viiskunta 17.02.2005<\/a><\/span><\/p>\n<p><span style=\"font-family: Verdana; font-size: small;\"><a href=\"http:\/\/www.pyylampi.org\/viiskunta%202006.pdf\" target=\"_blank\" rel=\"noopener\">Jorma Lamminm\u00e4en haastattelu Viiskunnassa v 2006 !.Sukukirjan julkistamisesta <\/a><\/span><\/p>\n<p><span style=\"font-family: Verdana; font-size: small;\"> <a href=\"http:\/\/www.pyylampi.org\/pohjalainen.07022006.pdf\" target=\"_blank\" rel=\"noopener\">Sukuseuran perustamiskokous Pohjalainen 07.02.2006<\/a><\/span><\/p>\n<p><span style=\"font-family: Verdana; font-size: small;\"> <a href=\"http:\/\/www.pyylampi.org\/viiskunta07022006.pdf\" target=\"_blank\" rel=\"noopener\">Perustaminen &#8211; Viiskunta07.02.2006<\/a><\/span><\/p>\n<p><span style=\"font-family: Verdana; font-size: small;\"> <a href=\"http:\/\/www.pyylampi.org\/Pohjalainen13082007mv.pdf\" target=\"_blank\" rel=\"noopener\">Jukka Palon haastattelu sanomalehti Pohjalaisessa <\/a><\/span><\/p>\n<p><span style=\"font-family: Verdana; font-size: small;\"><a href=\"http:\/\/www.pyylampi.org\/viiskunta23022010.pdf\" target=\"_blank\" rel=\"noopener\">Iso\u00e4idit j\u00e4nnitt\u00e4v\u00e4t.. Viiskunta 23.2.2010<\/a><\/span><\/p>\n<\/div>\n","protected":false},"excerpt":{"rendered":"<p>Elise Pekkalan juhlapuhe 14.6.2025 sukujuhlassa Kari Leppa\u0308sen juhlapuhe sukukokouksessa 2019 Lehtileikkeit\u00e4 Pyylammin sukuseuran vaiheista. Sukupuujuttu Viiskunta 17.02.2005 Jorma Lamminm\u00e4en haastattelu Viiskunnassa v 2006 !.Sukukirjan julkistamisesta Sukuseuran perustamiskokous Pohjalainen 07.02.2006 Perustaminen &#8211; Viiskunta07.02.2006 Jukka Palon haastattelu sanomalehti Pohjalaisessa Iso\u00e4idit j\u00e4nnitt\u00e4v\u00e4t.. Viiskunta &hellip; <a href=\"https:\/\/www.pyylampi.org\/portaali\/lehtileikkeet\/\">Lue loppuun <span class=\"meta-nav\">&rarr;<\/span><\/a><\/p>\n","protected":false},"author":1,"featured_media":0,"parent":0,"menu_order":0,"comment_status":"closed","ping_status":"closed","template":"","meta":{"footnotes":""},"class_list":["post-45","page","type-page","status-publish","hentry"],"_links":{"self":[{"href":"https:\/\/www.pyylampi.org\/portaali\/wp-json\/wp\/v2\/pages\/45","targetHints":{"allow":["GET"]}}],"collection":[{"href":"https:\/\/www.pyylampi.org\/portaali\/wp-json\/wp\/v2\/pages"}],"about":[{"href":"https:\/\/www.pyylampi.org\/portaali\/wp-json\/wp\/v2\/types\/page"}],"author":[{"embeddable":true,"href":"https:\/\/www.pyylampi.org\/portaali\/wp-json\/wp\/v2\/users\/1"}],"replies":[{"embeddable":true,"href":"https:\/\/www.pyylampi.org\/portaali\/wp-json\/wp\/v2\/comments?post=45"}],"version-history":[{"count":16,"href":"https:\/\/www.pyylampi.org\/portaali\/wp-json\/wp\/v2\/pages\/45\/revisions"}],"predecessor-version":[{"id":372,"href":"https:\/\/www.pyylampi.org\/portaali\/wp-json\/wp\/v2\/pages\/45\/revisions\/372"}],"wp:attachment":[{"href":"https:\/\/www.pyylampi.org\/portaali\/wp-json\/wp\/v2\/media?parent=45"}],"curies":[{"name":"wp","href":"https:\/\/api.w.org\/{rel}","templated":true}]}}